{"id":31856,"date":"2021-06-02T16:34:26","date_gmt":"2021-06-02T14:34:26","guid":{"rendered":"https:\/\/tjca.swiss\/portfolio\/cabinet-dr-peter\/"},"modified":"2021-10-27T14:28:35","modified_gmt":"2021-10-27T12:28:35","slug":"cabinet-dr-peter","status":"publish","type":"portfolio","link":"https:\/\/tjca.swiss\/de\/portfolio\/cabinet-dr-peter\/","title":{"rendered":"Cabinet Dr Peter"},"content":{"rendered":"[vc_row thb_divider_position=&#8220;bottom&#8220; css=&#8220;.vc_custom_1627485767032{margin-top: 100px !important;padding-top: 10vh !important;padding-bottom: 10vh !important;}&#8220;][vc_column][vc_column_text]\n<h1 style=\"text-align: center;\">Cabinet Dr Peter<\/h1>\n[\/vc_column_text][vc_column_text]\n<h2 style=\"text-align: center;\">Ein cosy und design Praxis\u00a0!<\/h2>\n[\/vc_column_text][vc_column_text]F\u00fcr die Inneneinrichtung hat sich TJCA sehr \u00fcber die Zusammenarbeit mit der Genfer Innenarchitektin Carole Bergerat gefreut.<\/p>\n<p>Es bestand die Absicht eine minimalistische, aber freundliche Atmosph\u00e4re zu gestalten. Die Ausstattung ist lumin\u00f6s: wei\u00dfe Farbe und helles Holz bestimmen die Atmosph\u00e4re, mit einigen positiven Farben, wie z.B. das Gr\u00fcn der Wandschirme und andere Designelemente wurden Akzente gesetzt. Jedes Objekt hat seinen Platz und alles\u00a0\u00dcberfl\u00fcssige wurde weggelassen.<\/p>\n<p>Der Empfang, das Wartezimmer und der Eingangsbereich befinden sich in einem gro\u00dfen Raum, durch einen Wandschirm getrennt. Das B\u00fcro des Professors ausgestattet mit einer Liege f\u00fcr die Patienten, ein zweites Behandlungszimmer, eine K\u00fcche, eine Dusche, sowie ein Besucher WC vervollst\u00e4ndigen die Praxis auf insgesamt 96m2.<\/p>\n<h6><strong><span style=\"color: #999999;\">Photos \u00a9TJCA<\/span><\/strong><\/h6>\n[\/vc_column_text][vc_masonry_media_grid gap=&#8220;3&#8243; grid_id=&#8220;vc_gid:1635337698658-c28067914b90c3397d5614bf11d720a8-0&#8243; include=&#8220;31075,31073,31074,31072,31071,31070,31069,31066,31064,31065,31068,31067&#8243;][\/vc_column][\/vc_row]\n","protected":false},"excerpt":{"rendered":"<p>[vc_row thb_divider_position=&#8220;bottom&#8220; css=&#8220;.vc_custom_1627485767032{margin-top: 100px !important;padding-top: 10vh !important;padding-bottom: 10vh !important;}&#8220;][vc_column][vc_column_text] Cabinet Dr Peter [\/vc_column_text][vc_column_text] Ein cosy und design Praxis\u00a0! [\/vc_column_text][vc_column_text]F\u00fcr die Inneneinrichtung hat sich TJCA sehr \u00fcber die Zusammenarbeit mit der Genfer Innenarchitektin Carole Bergerat gefreut. Es bestand die Absicht eine minimalistische, aber freundliche Atmosph\u00e4re zu gestalten. Die Ausstattung ist lumin\u00f6s: wei\u00dfe Farbe und helles Holz&hellip;<\/p>\n","protected":false},"author":1,"featured_media":31075,"comment_status":"closed","ping_status":"closed","template":"","tags":[],"class_list":["post-31856","portfolio","type-portfolio","status-publish","has-post-thumbnail","hentry","portfolio-category-gesundheit","portfolio-category-hospitality-de"],"_links":{"self":[{"href":"https:\/\/tjca.swiss\/de\/wp-json\/wp\/v2\/portfolio\/31856","targetHints":{"allow":["GET"]}}],"collection":[{"href":"https:\/\/tjca.swiss\/de\/wp-json\/wp\/v2\/portfolio"}],"about":[{"href":"https:\/\/tjca.swiss\/de\/wp-json\/wp\/v2\/types\/portfolio"}],"author":[{"embeddable":true,"href":"https:\/\/tjca.swiss\/de\/wp-json\/wp\/v2\/users\/1"}],"replies":[{"embeddable":true,"href":"https:\/\/tjca.swiss\/de\/wp-json\/wp\/v2\/comments?post=31856"}],"version-history":[{"count":9,"href":"https:\/\/tjca.swiss\/de\/wp-json\/wp\/v2\/portfolio\/31856\/revisions"}],"predecessor-version":[{"id":31888,"href":"https:\/\/tjca.swiss\/de\/wp-json\/wp\/v2\/portfolio\/31856\/revisions\/31888"}],"wp:featuredmedia":[{"embeddable":true,"href":"https:\/\/tjca.swiss\/de\/wp-json\/wp\/v2\/media\/31075"}],"wp:attachment":[{"href":"https:\/\/tjca.swiss\/de\/wp-json\/wp\/v2\/media?parent=31856"}],"wp:term":[{"taxonomy":"post_tag","embeddable":true,"href":"https:\/\/tjca.swiss\/de\/wp-json\/wp\/v2\/tags?post=31856"}],"curies":[{"name":"wp","href":"https:\/\/api.w.org\/{rel}","templated":true}]}}