{"id":31736,"date":"2021-06-09T10:38:48","date_gmt":"2021-06-09T08:38:48","guid":{"rendered":"https:\/\/tjca.swiss\/portfolio\/thomson-reuters\/"},"modified":"2021-10-27T14:52:34","modified_gmt":"2021-10-27T12:52:34","slug":"thomson-reuters","status":"publish","type":"portfolio","link":"https:\/\/tjca.swiss\/de\/portfolio\/thomson-reuters\/","title":{"rendered":"Thomson Reuters"},"content":{"rendered":"[vc_row thb_divider_position=&#8220;bottom&#8220; css=&#8220;.vc_custom_1627485767032{margin-top: 100px !important;padding-top: 10vh !important;padding-bottom: 10vh !important;}&#8220;][vc_column][vc_column_text]\n<h1 style=\"text-align: center;\" data-mce-style=\"text-align: center;\">Thomson Reuters<\/h1>\n[\/vc_column_text][vc_column_text]\n<h2 data-mce-style=\"text-align: center;\" style=\"text-align: center;\">Konzeption eines der gr\u00f6\u00dften Datenzentren Europas<\/h2>\n[\/vc_column_text][vc_column_text]Die verschiedenen Geb\u00e4ude entstanden in mehreren Etappen zwischen 1995 und 2004. Sie stellen sich auf einer gro\u00dfz\u00fcgig angelegten Fl\u00e4che als Verwaltung und industrieller Campus dar, der sich perfekt in die Landschaft einf\u00fcgt.<\/p>\n<p>Die geschlossenen Partien, die durch die technischen und sicherheitsbedingten Beschr\u00e4nkungen dieses high-tech -Zentrums vorgegeben wurden, stehen im Kontrast zu den leichtwirkenden, verglasten Geb\u00e4uden. Diese sind als Pavillons in einer Linie angeordnet und verbunden durch gro\u00dfe, lichtdurchflutete Atrium, die so in Interaktion mit der Landschaft stehen.<\/p>\n<p>Im R\u00fcckblick kann man sagen, dass mit diesem Projekt der Grundstein des Architekturb\u00fcros TJCA, wie es heute besteht, gelegt wurde. Die technische Komplexit\u00e4t des Projektes stand im Vordergrund ohne dass allerdings die architektonische, gestalterische Seite au\u00dfer Acht gelassen wurde. Aufgrund der verschiedenen technischen Anspr\u00fcche wurde ein interdisziplinarisches Team aus Fachingenieuren, aber auch zusammen mit spezialisierten Ingenieuren des Bauherren, aufgestellt, die im Zusammenspiel alle baulichen und technischen Aspekte vereinigt haben.<\/p>\n<p>Die au\u00dfergew\u00f6hnlich hohe elektrische und technische Leistung dieses Zentrums im Moment seiner Entstehung, machen aus diesem Datenzentrum eines der gr\u00f6\u00dften Europas und das zweitgr\u00f6\u00dfte der Firma Reuters weltweit.<\/p>\n<p>Die avant-gardistische Flexibilit\u00e4t erlaubt es heute die neueste Generation von Servern und Kaltgang (Schranksystem) in das Projekt einzugliedern, ohne das dies zu gr\u00f6\u00dferen Arbeiten f\u00fchrt.<\/p>\n<h6><strong><span style=\"color: #999999;\">Photos \u00a9Fabrice Piraud<\/span><\/strong><\/h6>\n[\/vc_column_text][vc_masonry_media_grid gap=&#8220;3&#8243; grid_id=&#8220;vc_gid:1635339110774-4b7a42e285e0e27e75b263dba2867f1b-10&#8243; include=&#8220;30682,30681,30638,30677,30639,30640,30674,30675,30678,30679,30680,30676,30633&#8243;][\/vc_column][\/vc_row]\n","protected":false},"excerpt":{"rendered":"<p>[vc_row thb_divider_position=&#8220;bottom&#8220; css=&#8220;.vc_custom_1627485767032{margin-top: 100px !important;padding-top: 10vh !important;padding-bottom: 10vh !important;}&#8220;][vc_column][vc_column_text] Thomson Reuters [\/vc_column_text][vc_column_text] Konzeption eines der gr\u00f6\u00dften Datenzentren Europas [\/vc_column_text][vc_column_text]Die verschiedenen Geb\u00e4ude entstanden in mehreren Etappen zwischen 1995 und 2004. Sie stellen sich auf einer gro\u00dfz\u00fcgig angelegten Fl\u00e4che als Verwaltung und industrieller Campus dar, der sich perfekt in die Landschaft einf\u00fcgt. Die geschlossenen Partien, die durch&hellip;<\/p>\n","protected":false},"author":1,"featured_media":30677,"comment_status":"closed","ping_status":"closed","template":"","tags":[],"class_list":["post-31736","portfolio","type-portfolio","status-publish","has-post-thumbnail","hentry","portfolio-category-andere-projekt","portfolio-category-buros"],"_links":{"self":[{"href":"https:\/\/tjca.swiss\/de\/wp-json\/wp\/v2\/portfolio\/31736","targetHints":{"allow":["GET"]}}],"collection":[{"href":"https:\/\/tjca.swiss\/de\/wp-json\/wp\/v2\/portfolio"}],"about":[{"href":"https:\/\/tjca.swiss\/de\/wp-json\/wp\/v2\/types\/portfolio"}],"author":[{"embeddable":true,"href":"https:\/\/tjca.swiss\/de\/wp-json\/wp\/v2\/users\/1"}],"replies":[{"embeddable":true,"href":"https:\/\/tjca.swiss\/de\/wp-json\/wp\/v2\/comments?post=31736"}],"version-history":[{"count":11,"href":"https:\/\/tjca.swiss\/de\/wp-json\/wp\/v2\/portfolio\/31736\/revisions"}],"predecessor-version":[{"id":31899,"href":"https:\/\/tjca.swiss\/de\/wp-json\/wp\/v2\/portfolio\/31736\/revisions\/31899"}],"wp:featuredmedia":[{"embeddable":true,"href":"https:\/\/tjca.swiss\/de\/wp-json\/wp\/v2\/media\/30677"}],"wp:attachment":[{"href":"https:\/\/tjca.swiss\/de\/wp-json\/wp\/v2\/media?parent=31736"}],"wp:term":[{"taxonomy":"post_tag","embeddable":true,"href":"https:\/\/tjca.swiss\/de\/wp-json\/wp\/v2\/tags?post=31736"}],"curies":[{"name":"wp","href":"https:\/\/api.w.org\/{rel}","templated":true}]}}